{"id":795,"date":"2024-04-22T09:31:57","date_gmt":"2024-04-22T07:31:57","guid":{"rendered":"https:\/\/2r3f.fr\/?page_id=795"},"modified":"2024-04-22T09:31:58","modified_gmt":"2024-04-22T07:31:58","slug":"rencontre-2r3f7-avec-olivier-thevenin","status":"publish","type":"page","link":"https:\/\/2r3f.fr\/index.php\/rencontre-2r3f7-avec-olivier-thevenin\/","title":{"rendered":"Rencontre 2R3F#7 avec olivier thevenin"},"content":{"rendered":"\n<p><strong>17 mai 2024 (en ligne)<\/strong><\/p>\n\n\n\n<p><strong><em>Les festivals de films : m\u00e9tamorphoses d\u2019un objet et d\u2019un champ d\u2019\u00e9tudes<\/em><\/strong><\/p>\n\n\n\n<p>Marijke De Valck<a>\u00a0<\/a>rel\u00e8ve que \u00ab l\u2019\u00e9tude des festivals de cin\u00e9ma exige une ligne d\u2019enqu\u00eate mobile. Il faut pouvoir passer des syst\u00e8mes d\u2019aide publique \u00e0 des accords de production et \u00e0 l\u2019accueil du public, des mod\u00e8les de circulation mondiaux \u00e0 l\u2019interf\u00e9rence hollywoodienne et aux initiatives locales \u00bb, le \u00ab point de convergence de toutes ces forces \u00bb \u00e9tant \u00ab l\u2019\u00e9v\u00e9nement international qu\u2019est le festival du film \u00bb (De Valck, 2007, p. 16). Partant de ce programme, cette communication incite \u00e0 engager une r\u00e9flexion multim\u00e9thodes sur les relations complexes entre production, diffusion et r\u00e9ception des contenus culturels et m\u00e9diatiques qui s\u2019actualisent lors de ces manifestations cin\u00e9matographiques. Au travers des perspectives diverses et l\u2019exemple de la Quinzaine des R\u00e9alisateurs, il s\u2019agit de montrer que ces \u00e9v\u00e9nements sont un lieu et un moment central de fa\u00e7onnement des enjeux de la cr\u00e9ation cin\u00e9matographique face aux d\u00e9fis amen\u00e9s par la dichotomie entre cin\u00e9ma <em>mainstream<\/em> et d\u2019auteur, la tension entre le local et le global.<\/p>\n\n\n\n<p>\u00a0<em>Olivier TH\u00c9VENIN est professeur de sociologie \u00e0 la Sorbonne Nouvelle, membre du CERLIS UMR CNRS et du labEx ICCA. Ses recherches s\u2019inscrivent dans le domaine de la sociologie des arts et de la culture et portent sur des objets ou des terrains qui ont en commun de chercher \u00e0 identifier, sous des perspectives diff\u00e9rentes, l\u2019empreinte des transformations de la culture. Il a notamment publi\u00e9\u00a0<\/em>La S.R.F. et la Quinzaine des R\u00e9alisateurs : une construction d\u2019identit\u00e9 collective\u00a0<em>en 2008. Il a aussi codirig\u00e9 un num\u00e9ro dans la revue <\/em>Loisir et Soci\u00e9t\u00e9 (<em>\u00ab Les m\u00e9tamorphoses des festivals de films \u00bb<\/em>)<em> et a r\u00e9cemment contribu\u00e9 \u00e0 un ouvrage collectif,\u00a0<\/em>Films, festivals et mondes contemporains : pour une anthropologie du visuel<em> (J. Amiot-Guillouet et al. Peter Lang, 2024).<\/em><\/p>\n","protected":false},"excerpt":{"rendered":"<p>17 mai 2024 (en ligne) Les festivals de films : m\u00e9tamorphoses d\u2019un objet et d\u2019un champ d\u2019\u00e9tudes Marijke De Valck\u00a0rel\u00e8ve que \u00ab l\u2019\u00e9tude des festivals de cin\u00e9ma exige une ligne [&hellip;]<\/p>\n","protected":false},"author":1,"featured_media":0,"parent":0,"menu_order":0,"comment_status":"closed","ping_status":"closed","template":"","meta":{"site-sidebar-layout":"default","site-content-layout":"","ast-site-content-layout":"default","site-content-style":"default","site-sidebar-style":"default","ast-global-header-display":"","ast-banner-title-visibility":"","ast-main-header-display":"","ast-hfb-above-header-display":"","ast-hfb-below-header-display":"","ast-hfb-mobile-header-display":"","site-post-title":"","ast-breadcrumbs-content":"","ast-featured-img":"","footer-sml-layout":"","theme-transparent-header-meta":"","adv-header-id-meta":"","stick-header-meta":"","header-above-stick-meta":"","header-main-stick-meta":"","header-below-stick-meta":"","astra-migrate-meta-layouts":"set","ast-page-background-enabled":"default","ast-page-background-meta":{"desktop":{"background-color":"var(--ast-global-color-4)","background-image":"","background-repeat":"repeat","background-position":"center center","background-size":"auto","background-attachment":"scroll","background-type":"","background-media":"","overlay-type":"","overlay-color":"","overlay-opacity":"","overlay-gradient":""},"tablet":{"background-color":"","background-image":"","background-repeat":"repeat","background-position":"center center","background-size":"auto","background-attachment":"scroll","background-type":"","background-media":"","overlay-type":"","overlay-color":"","overlay-opacity":"","overlay-gradient":""},"mobile":{"background-color":"","background-image":"","background-repeat":"repeat","background-position":"center center","background-size":"auto","background-attachment":"scroll","background-type":"","background-media":"","overlay-type":"","overlay-color":"","overlay-opacity":"","overlay-gradient":""}},"ast-content-background-meta":{"desktop":{"background-color":"var(--ast-global-color-5)","background-image":"","background-repeat":"repeat","background-position":"center center","background-size":"auto","background-attachment":"scroll","background-type":"","background-media":"","overlay-type":"","overlay-color":"","overlay-opacity":"","overlay-gradient":""},"tablet":{"background-color":"var(--ast-global-color-5)","background-image":"","background-repeat":"repeat","background-position":"center center","background-size":"auto","background-attachment":"scroll","background-type":"","background-media":"","overlay-type":"","overlay-color":"","overlay-opacity":"","overlay-gradient":""},"mobile":{"background-color":"var(--ast-global-color-5)","background-image":"","background-repeat":"repeat","background-position":"center center","background-size":"auto","background-attachment":"scroll","background-type":"","background-media":"","overlay-type":"","overlay-color":"","overlay-opacity":"","overlay-gradient":""}},"footnotes":""},"class_list":["post-795","page","type-page","status-publish","hentry"],"yoast_head":"<!-- This site is optimized with the Yoast SEO plugin v27.0 - https:\/\/yoast.com\/product\/yoast-seo-wordpress\/ -->\n<title>Rencontre 2R3F#7 avec olivier thevenin - R\u00e9seau de Recherche Fran\u00e7ais sur les Festivals de Film<\/title>\n<meta name=\"robots\" content=\"index, follow, max-snippet:-1, max-image-preview:large, max-video-preview:-1\" \/>\n<link rel=\"canonical\" href=\"https:\/\/2r3f.fr\/index.php\/rencontre-2r3f7-avec-olivier-thevenin\/\" \/>\n<meta property=\"og:locale\" content=\"fr_FR\" \/>\n<meta property=\"og:type\" content=\"article\" \/>\n<meta property=\"og:title\" content=\"Rencontre 2R3F#7 avec olivier thevenin - R\u00e9seau de Recherche Fran\u00e7ais sur les Festivals de Film\" \/>\n<meta property=\"og:description\" content=\"17 mai 2024 (en ligne) Les festivals de films : m\u00e9tamorphoses d\u2019un objet et d\u2019un champ d\u2019\u00e9tudes Marijke De Valck\u00a0rel\u00e8ve que \u00ab l\u2019\u00e9tude des festivals de cin\u00e9ma exige une ligne [&hellip;]\" \/>\n<meta property=\"og:url\" content=\"https:\/\/2r3f.fr\/index.php\/rencontre-2r3f7-avec-olivier-thevenin\/\" \/>\n<meta property=\"og:site_name\" content=\"R\u00e9seau de Recherche Fran\u00e7ais sur les Festivals de Film\" \/>\n<meta property=\"article:publisher\" content=\"https:\/\/www.facebook.com\/profile.php?id=100093713633073\" \/>\n<meta property=\"article:modified_time\" content=\"2024-04-22T07:31:58+00:00\" \/>\n<meta name=\"twitter:card\" content=\"summary_large_image\" \/>\n<meta name=\"twitter:label1\" content=\"Dur\u00e9e de lecture estim\u00e9e\" \/>\n\t<meta name=\"twitter:data1\" content=\"2 minutes\" \/>\n<script type=\"application\/ld+json\" class=\"yoast-schema-graph\">{\"@context\":\"https:\/\/schema.org\",\"@graph\":[{\"@type\":\"WebPage\",\"@id\":\"https:\/\/2r3f.fr\/index.php\/rencontre-2r3f7-avec-olivier-thevenin\/\",\"url\":\"https:\/\/2r3f.fr\/index.php\/rencontre-2r3f7-avec-olivier-thevenin\/\",\"name\":\"Rencontre 2R3F#7 avec olivier thevenin - R\u00e9seau de Recherche Fran\u00e7ais sur les Festivals de Film\",\"isPartOf\":{\"@id\":\"https:\/\/2r3f.fr\/#website\"},\"datePublished\":\"2024-04-22T07:31:57+00:00\",\"dateModified\":\"2024-04-22T07:31:58+00:00\",\"breadcrumb\":{\"@id\":\"https:\/\/2r3f.fr\/index.php\/rencontre-2r3f7-avec-olivier-thevenin\/#breadcrumb\"},\"inLanguage\":\"fr-FR\",\"potentialAction\":[{\"@type\":\"ReadAction\",\"target\":[\"https:\/\/2r3f.fr\/index.php\/rencontre-2r3f7-avec-olivier-thevenin\/\"]}]},{\"@type\":\"BreadcrumbList\",\"@id\":\"https:\/\/2r3f.fr\/index.php\/rencontre-2r3f7-avec-olivier-thevenin\/#breadcrumb\",\"itemListElement\":[{\"@type\":\"ListItem\",\"position\":1,\"name\":\"Accueil\",\"item\":\"https:\/\/2r3f.fr\/\"},{\"@type\":\"ListItem\",\"position\":2,\"name\":\"Rencontre 2R3F#7 avec olivier thevenin\"}]},{\"@type\":\"WebSite\",\"@id\":\"https:\/\/2r3f.fr\/#website\",\"url\":\"https:\/\/2r3f.fr\/\",\"name\":\"2R3F - R\u00e9seau de Recherche Fran\u00e7ais sur les Festivals de Films\",\"description\":\"2R3F - R\u00e9seau de Recherche Fran\u00e7ais sur les Festivals de Films festivals de film\",\"publisher\":{\"@id\":\"https:\/\/2r3f.fr\/#organization\"},\"potentialAction\":[{\"@type\":\"SearchAction\",\"target\":{\"@type\":\"EntryPoint\",\"urlTemplate\":\"https:\/\/2r3f.fr\/?s={search_term_string}\"},\"query-input\":{\"@type\":\"PropertyValueSpecification\",\"valueRequired\":true,\"valueName\":\"search_term_string\"}}],\"inLanguage\":\"fr-FR\"},{\"@type\":\"Organization\",\"@id\":\"https:\/\/2r3f.fr\/#organization\",\"name\":\"2R3F R\u00e9seau de Recherche Fran\u00e7ais sur les Festivals de Films\",\"url\":\"https:\/\/2r3f.fr\/\",\"logo\":{\"@type\":\"ImageObject\",\"inLanguage\":\"fr-FR\",\"@id\":\"https:\/\/2r3f.fr\/#\/schema\/logo\/image\/\",\"url\":\"https:\/\/2r3f.fr\/wp-content\/uploads\/2023\/06\/cropped-logo-vers-2.png\",\"contentUrl\":\"https:\/\/2r3f.fr\/wp-content\/uploads\/2023\/06\/cropped-logo-vers-2.png\",\"width\":1098,\"height\":435,\"caption\":\"2R3F R\u00e9seau de Recherche Fran\u00e7ais sur les Festivals de Films\"},\"image\":{\"@id\":\"https:\/\/2r3f.fr\/#\/schema\/logo\/image\/\"},\"sameAs\":[\"https:\/\/www.facebook.com\/profile.php?id=100093713633073\",\"https:\/\/www.instagram.com\/_2r3f_\/\",\"https:\/\/www.linkedin.com\/company\/2r3f-rseau-de-recherche-franais-sur-les-festivals-de-film\/about\/?viewAsMember=true\"]}]}<\/script>\n<!-- \/ Yoast SEO plugin. -->","yoast_head_json":{"title":"Rencontre 2R3F#7 avec olivier thevenin - R\u00e9seau de Recherche Fran\u00e7ais sur les Festivals de Film","robots":{"index":"index","follow":"follow","max-snippet":"max-snippet:-1","max-image-preview":"max-image-preview:large","max-video-preview":"max-video-preview:-1"},"canonical":"https:\/\/2r3f.fr\/index.php\/rencontre-2r3f7-avec-olivier-thevenin\/","og_locale":"fr_FR","og_type":"article","og_title":"Rencontre 2R3F#7 avec olivier thevenin - R\u00e9seau de Recherche Fran\u00e7ais sur les Festivals de Film","og_description":"17 mai 2024 (en ligne) Les festivals de films : m\u00e9tamorphoses d\u2019un objet et d\u2019un champ d\u2019\u00e9tudes Marijke De Valck\u00a0rel\u00e8ve que \u00ab l\u2019\u00e9tude des festivals de cin\u00e9ma exige une ligne [&hellip;]","og_url":"https:\/\/2r3f.fr\/index.php\/rencontre-2r3f7-avec-olivier-thevenin\/","og_site_name":"R\u00e9seau de Recherche Fran\u00e7ais sur les Festivals de Film","article_publisher":"https:\/\/www.facebook.com\/profile.php?id=100093713633073","article_modified_time":"2024-04-22T07:31:58+00:00","twitter_card":"summary_large_image","twitter_misc":{"Dur\u00e9e de lecture estim\u00e9e":"2 minutes"},"schema":{"@context":"https:\/\/schema.org","@graph":[{"@type":"WebPage","@id":"https:\/\/2r3f.fr\/index.php\/rencontre-2r3f7-avec-olivier-thevenin\/","url":"https:\/\/2r3f.fr\/index.php\/rencontre-2r3f7-avec-olivier-thevenin\/","name":"Rencontre 2R3F#7 avec olivier thevenin - R\u00e9seau de Recherche Fran\u00e7ais sur les Festivals de Film","isPartOf":{"@id":"https:\/\/2r3f.fr\/#website"},"datePublished":"2024-04-22T07:31:57+00:00","dateModified":"2024-04-22T07:31:58+00:00","breadcrumb":{"@id":"https:\/\/2r3f.fr\/index.php\/rencontre-2r3f7-avec-olivier-thevenin\/#breadcrumb"},"inLanguage":"fr-FR","potentialAction":[{"@type":"ReadAction","target":["https:\/\/2r3f.fr\/index.php\/rencontre-2r3f7-avec-olivier-thevenin\/"]}]},{"@type":"BreadcrumbList","@id":"https:\/\/2r3f.fr\/index.php\/rencontre-2r3f7-avec-olivier-thevenin\/#breadcrumb","itemListElement":[{"@type":"ListItem","position":1,"name":"Accueil","item":"https:\/\/2r3f.fr\/"},{"@type":"ListItem","position":2,"name":"Rencontre 2R3F#7 avec olivier thevenin"}]},{"@type":"WebSite","@id":"https:\/\/2r3f.fr\/#website","url":"https:\/\/2r3f.fr\/","name":"2R3F - R\u00e9seau de Recherche Fran\u00e7ais sur les Festivals de Films","description":"2R3F - R\u00e9seau de Recherche Fran\u00e7ais sur les Festivals de Films festivals de film","publisher":{"@id":"https:\/\/2r3f.fr\/#organization"},"potentialAction":[{"@type":"SearchAction","target":{"@type":"EntryPoint","urlTemplate":"https:\/\/2r3f.fr\/?s={search_term_string}"},"query-input":{"@type":"PropertyValueSpecification","valueRequired":true,"valueName":"search_term_string"}}],"inLanguage":"fr-FR"},{"@type":"Organization","@id":"https:\/\/2r3f.fr\/#organization","name":"2R3F R\u00e9seau de Recherche Fran\u00e7ais sur les Festivals de Films","url":"https:\/\/2r3f.fr\/","logo":{"@type":"ImageObject","inLanguage":"fr-FR","@id":"https:\/\/2r3f.fr\/#\/schema\/logo\/image\/","url":"https:\/\/2r3f.fr\/wp-content\/uploads\/2023\/06\/cropped-logo-vers-2.png","contentUrl":"https:\/\/2r3f.fr\/wp-content\/uploads\/2023\/06\/cropped-logo-vers-2.png","width":1098,"height":435,"caption":"2R3F R\u00e9seau de Recherche Fran\u00e7ais sur les Festivals de Films"},"image":{"@id":"https:\/\/2r3f.fr\/#\/schema\/logo\/image\/"},"sameAs":["https:\/\/www.facebook.com\/profile.php?id=100093713633073","https:\/\/www.instagram.com\/_2r3f_\/","https:\/\/www.linkedin.com\/company\/2r3f-rseau-de-recherche-franais-sur-les-festivals-de-film\/about\/?viewAsMember=true"]}]}},"_links":{"self":[{"href":"https:\/\/2r3f.fr\/index.php\/wp-json\/wp\/v2\/pages\/795","targetHints":{"allow":["GET"]}}],"collection":[{"href":"https:\/\/2r3f.fr\/index.php\/wp-json\/wp\/v2\/pages"}],"about":[{"href":"https:\/\/2r3f.fr\/index.php\/wp-json\/wp\/v2\/types\/page"}],"author":[{"embeddable":true,"href":"https:\/\/2r3f.fr\/index.php\/wp-json\/wp\/v2\/users\/1"}],"replies":[{"embeddable":true,"href":"https:\/\/2r3f.fr\/index.php\/wp-json\/wp\/v2\/comments?post=795"}],"version-history":[{"count":1,"href":"https:\/\/2r3f.fr\/index.php\/wp-json\/wp\/v2\/pages\/795\/revisions"}],"predecessor-version":[{"id":796,"href":"https:\/\/2r3f.fr\/index.php\/wp-json\/wp\/v2\/pages\/795\/revisions\/796"}],"wp:attachment":[{"href":"https:\/\/2r3f.fr\/index.php\/wp-json\/wp\/v2\/media?parent=795"}],"curies":[{"name":"wp","href":"https:\/\/api.w.org\/{rel}","templated":true}]}}