{"id":974,"date":"2026-03-12T22:01:14","date_gmt":"2026-03-12T21:01:14","guid":{"rendered":"https:\/\/2r3f.fr\/?page_id=974"},"modified":"2026-03-13T15:31:16","modified_gmt":"2026-03-13T14:31:16","slug":"rencontre-19-lagence-du-court-metrage","status":"publish","type":"page","link":"https:\/\/2r3f.fr\/index.php\/rencontre-19-lagence-du-court-metrage\/","title":{"rendered":"Rencontre #19 &#8211; L&rsquo;AGENCE DU COURT METRAGE"},"content":{"rendered":"\n<p><strong>L&rsquo;Agence du court m\u00e9trage et les festivals<\/strong><\/p>\n\n\n\n<p><\/p>\n\n\n\n<p>Dans le cadre&nbsp;de ses activit\u00e9s de distributeur,&nbsp;L\u2019Agence du court m\u00e9trage&nbsp;accompagne environ 900 lieux de diffusion chaque ann\u00e9e. Les festivals repr\u00e9sentent 10% des structures accompagn\u00e9es. En lien avec les \u00e9quipes de programmation, cet accompagnement associe conseils \u00e9ditoriaux,&nbsp;centralisation de la gestion des droits, de l\u2019envoi des films et de la facturation afin de faciliter et s\u00e9curiser la diffusion des \u0153uvres. En parall\u00e8le,&nbsp;plus de 100 festivals fran\u00e7ais et internationaux ont recours \u00e0 FilmFest , un outil d\u00e9velopp\u00e9 par L\u2019Agence du court m\u00e9trage pour faciliter leurs processus de s\u00e9lection.&nbsp;&nbsp;&nbsp;<br>Agissant dans&nbsp;le cadre du&nbsp;Regroupement des Organisations du Court (ROC) depuis 2006,&nbsp;L\u2019Agence du court m\u00e9trage contribue \u00e0 la structuration des relations entre festivals et ayants droit.&nbsp; Elle travaille notamment&nbsp;\u00e0 encourager&nbsp;la r\u00e9mun\u00e9ration des films en comp\u00e9tition, pratique encore rare et h\u00e9t\u00e9rog\u00e8ne au sein des festivals de courts m\u00e9trages.&nbsp;Am\u00e9lie Chatellier, d\u00e9l\u00e9gu\u00e9e g\u00e9n\u00e9rale, et Florence Keller, responsable \u00c9tudes et prospectives, pr\u00e9senteront l\u2019activit\u00e9 et les enjeux li\u00e9s aux festivals et leur r\u00f4le structurant dans la diffusion du court m\u00e9trage.<br>&nbsp;&nbsp;<br><em>L\u2019Agence du court m\u00e9trage, association de loi 1901 fond\u00e9e en 1983, est n\u00e9e de la volont\u00e9 de nombreux professionnels (cin\u00e9astes, producteurs, distributeurs, exploitants) de promouvoir et d\u00e9velopper la diffusion des films courts, sur tous les \u00e9crans et pour tous les publics. Elle organise ses missions sur plusieurs axes : distribuer son vaste catalogue aupr\u00e8s de tous types de diffuseurs (salles de cin\u00e9ma, festivals, plateformes num\u00e9riques, cha\u00eenes de t\u00e9l\u00e9visions\u2026), conserver les \u0153uvres qui lui sont confi\u00e9es, transmettre et sensibiliser tous les publics au court m\u00e9trage, accompagner la fili\u00e8re professionnelle.<\/em><\/p>\n\n\n\n<p>Pour assister \u00e0 la rencontre, rendez-vous\u00a0<strong>le 10 avril 2026 \u00e0 14h<\/strong>\u00a0sur le lien Zoom suivant\u00a0:<\/p>\n\n\n\n<p><a href=\"https:\/\/univ-cotedazur.zoom.us\/j\/89437918897?pwd=s7Xd4I3OquX6gwKBD0KJvMAWXqKra3.1\">https:\/\/univ-cotedazur.zoom.us\/j\/89437918897?pwd=s7Xd4I3OquX6gwKBD0KJvMAWXqKra3.1<\/a><\/p>\n\n\n\n<p>ID de r\u00e9union&nbsp;: 894 3791 8897<br>Code secret&nbsp;: 905616<\/p>\n","protected":false},"excerpt":{"rendered":"<p>L&rsquo;Agence du court m\u00e9trage et les festivals Dans le cadre&nbsp;de ses activit\u00e9s de distributeur,&nbsp;L\u2019Agence du court m\u00e9trage&nbsp;accompagne environ 900 lieux de diffusion chaque ann\u00e9e. Les festivals repr\u00e9sentent 10% des structures [&hellip;]<\/p>\n","protected":false},"author":1,"featured_media":0,"parent":0,"menu_order":0,"comment_status":"closed","ping_status":"closed","template":"","meta":{"site-sidebar-layout":"default","site-content-layout":"","ast-site-content-layout":"default","site-content-style":"default","site-sidebar-style":"default","ast-global-header-display":"","ast-banner-title-visibility":"","ast-main-header-display":"","ast-hfb-above-header-display":"","ast-hfb-below-header-display":"","ast-hfb-mobile-header-display":"","site-post-title":"","ast-breadcrumbs-content":"","ast-featured-img":"","footer-sml-layout":"","theme-transparent-header-meta":"","adv-header-id-meta":"","stick-header-meta":"","header-above-stick-meta":"","header-main-stick-meta":"","header-below-stick-meta":"","astra-migrate-meta-layouts":"set","ast-page-background-enabled":"default","ast-page-background-meta":{"desktop":{"background-color":"var(--ast-global-color-4)","background-image":"","background-repeat":"repeat","background-position":"center center","background-size":"auto","background-attachment":"scroll","background-type":"","background-media":"","overlay-type":"","overlay-color":"","overlay-opacity":"","overlay-gradient":""},"tablet":{"background-color":"","background-image":"","background-repeat":"repeat","background-position":"center center","background-size":"auto","background-attachment":"scroll","background-type":"","background-media":"","overlay-type":"","overlay-color":"","overlay-opacity":"","overlay-gradient":""},"mobile":{"background-color":"","background-image":"","background-repeat":"repeat","background-position":"center center","background-size":"auto","background-attachment":"scroll","background-type":"","background-media":"","overlay-type":"","overlay-color":"","overlay-opacity":"","overlay-gradient":""}},"ast-content-background-meta":{"desktop":{"background-color":"var(--ast-global-color-5)","background-image":"","background-repeat":"repeat","background-position":"center center","background-size":"auto","background-attachment":"scroll","background-type":"","background-media":"","overlay-type":"","overlay-color":"","overlay-opacity":"","overlay-gradient":""},"tablet":{"background-color":"var(--ast-global-color-5)","background-image":"","background-repeat":"repeat","background-position":"center center","background-size":"auto","background-attachment":"scroll","background-type":"","background-media":"","overlay-type":"","overlay-color":"","overlay-opacity":"","overlay-gradient":""},"mobile":{"background-color":"var(--ast-global-color-5)","background-image":"","background-repeat":"repeat","background-position":"center center","background-size":"auto","background-attachment":"scroll","background-type":"","background-media":"","overlay-type":"","overlay-color":"","overlay-opacity":"","overlay-gradient":""}},"footnotes":""},"class_list":["post-974","page","type-page","status-publish","hentry"],"yoast_head":"<!-- This site is optimized with the Yoast SEO plugin v27.0 - https:\/\/yoast.com\/product\/yoast-seo-wordpress\/ -->\n<title>Rencontre #19 - L&#039;AGENCE DU COURT METRAGE - R\u00e9seau de Recherche Fran\u00e7ais sur les Festivals de Film<\/title>\n<meta name=\"robots\" content=\"index, follow, max-snippet:-1, max-image-preview:large, max-video-preview:-1\" \/>\n<link rel=\"canonical\" href=\"https:\/\/2r3f.fr\/index.php\/rencontre-19-lagence-du-court-metrage\/\" \/>\n<meta property=\"og:locale\" content=\"fr_FR\" \/>\n<meta property=\"og:type\" content=\"article\" \/>\n<meta property=\"og:title\" content=\"Rencontre #19 - L&#039;AGENCE DU COURT METRAGE - R\u00e9seau de Recherche Fran\u00e7ais sur les Festivals de Film\" \/>\n<meta property=\"og:description\" content=\"L&rsquo;Agence du court m\u00e9trage et les festivals Dans le cadre&nbsp;de ses activit\u00e9s de distributeur,&nbsp;L\u2019Agence du court m\u00e9trage&nbsp;accompagne environ 900 lieux de diffusion chaque ann\u00e9e. Les festivals repr\u00e9sentent 10% des structures [&hellip;]\" \/>\n<meta property=\"og:url\" content=\"https:\/\/2r3f.fr\/index.php\/rencontre-19-lagence-du-court-metrage\/\" \/>\n<meta property=\"og:site_name\" content=\"R\u00e9seau de Recherche Fran\u00e7ais sur les Festivals de Film\" \/>\n<meta property=\"article:publisher\" content=\"https:\/\/www.facebook.com\/profile.php?id=100093713633073\" \/>\n<meta property=\"article:modified_time\" content=\"2026-03-13T14:31:16+00:00\" \/>\n<meta name=\"twitter:card\" content=\"summary_large_image\" \/>\n<meta name=\"twitter:label1\" content=\"Dur\u00e9e de lecture estim\u00e9e\" \/>\n\t<meta name=\"twitter:data1\" content=\"2 minutes\" \/>\n<script type=\"application\/ld+json\" class=\"yoast-schema-graph\">{\"@context\":\"https:\/\/schema.org\",\"@graph\":[{\"@type\":\"WebPage\",\"@id\":\"https:\/\/2r3f.fr\/index.php\/rencontre-19-lagence-du-court-metrage\/\",\"url\":\"https:\/\/2r3f.fr\/index.php\/rencontre-19-lagence-du-court-metrage\/\",\"name\":\"Rencontre #19 - L'AGENCE DU COURT METRAGE - R\u00e9seau de Recherche Fran\u00e7ais sur les Festivals de Film\",\"isPartOf\":{\"@id\":\"https:\/\/2r3f.fr\/#website\"},\"datePublished\":\"2026-03-12T21:01:14+00:00\",\"dateModified\":\"2026-03-13T14:31:16+00:00\",\"breadcrumb\":{\"@id\":\"https:\/\/2r3f.fr\/index.php\/rencontre-19-lagence-du-court-metrage\/#breadcrumb\"},\"inLanguage\":\"fr-FR\",\"potentialAction\":[{\"@type\":\"ReadAction\",\"target\":[\"https:\/\/2r3f.fr\/index.php\/rencontre-19-lagence-du-court-metrage\/\"]}]},{\"@type\":\"BreadcrumbList\",\"@id\":\"https:\/\/2r3f.fr\/index.php\/rencontre-19-lagence-du-court-metrage\/#breadcrumb\",\"itemListElement\":[{\"@type\":\"ListItem\",\"position\":1,\"name\":\"Accueil\",\"item\":\"https:\/\/2r3f.fr\/\"},{\"@type\":\"ListItem\",\"position\":2,\"name\":\"Rencontre #19 &#8211; L&rsquo;AGENCE DU COURT METRAGE\"}]},{\"@type\":\"WebSite\",\"@id\":\"https:\/\/2r3f.fr\/#website\",\"url\":\"https:\/\/2r3f.fr\/\",\"name\":\"2R3F - R\u00e9seau de Recherche Fran\u00e7ais sur les Festivals de Films\",\"description\":\"2R3F - R\u00e9seau de Recherche Fran\u00e7ais sur les Festivals de Films festivals de film\",\"publisher\":{\"@id\":\"https:\/\/2r3f.fr\/#organization\"},\"potentialAction\":[{\"@type\":\"SearchAction\",\"target\":{\"@type\":\"EntryPoint\",\"urlTemplate\":\"https:\/\/2r3f.fr\/?s={search_term_string}\"},\"query-input\":{\"@type\":\"PropertyValueSpecification\",\"valueRequired\":true,\"valueName\":\"search_term_string\"}}],\"inLanguage\":\"fr-FR\"},{\"@type\":\"Organization\",\"@id\":\"https:\/\/2r3f.fr\/#organization\",\"name\":\"2R3F R\u00e9seau de Recherche Fran\u00e7ais sur les Festivals de Films\",\"url\":\"https:\/\/2r3f.fr\/\",\"logo\":{\"@type\":\"ImageObject\",\"inLanguage\":\"fr-FR\",\"@id\":\"https:\/\/2r3f.fr\/#\/schema\/logo\/image\/\",\"url\":\"https:\/\/2r3f.fr\/wp-content\/uploads\/2023\/06\/cropped-logo-vers-2.png\",\"contentUrl\":\"https:\/\/2r3f.fr\/wp-content\/uploads\/2023\/06\/cropped-logo-vers-2.png\",\"width\":1098,\"height\":435,\"caption\":\"2R3F R\u00e9seau de Recherche Fran\u00e7ais sur les Festivals de Films\"},\"image\":{\"@id\":\"https:\/\/2r3f.fr\/#\/schema\/logo\/image\/\"},\"sameAs\":[\"https:\/\/www.facebook.com\/profile.php?id=100093713633073\",\"https:\/\/www.instagram.com\/_2r3f_\/\",\"https:\/\/www.linkedin.com\/company\/2r3f-rseau-de-recherche-franais-sur-les-festivals-de-film\/about\/?viewAsMember=true\"]}]}<\/script>\n<!-- \/ Yoast SEO plugin. -->","yoast_head_json":{"title":"Rencontre #19 - L'AGENCE DU COURT METRAGE - R\u00e9seau de Recherche Fran\u00e7ais sur les Festivals de Film","robots":{"index":"index","follow":"follow","max-snippet":"max-snippet:-1","max-image-preview":"max-image-preview:large","max-video-preview":"max-video-preview:-1"},"canonical":"https:\/\/2r3f.fr\/index.php\/rencontre-19-lagence-du-court-metrage\/","og_locale":"fr_FR","og_type":"article","og_title":"Rencontre #19 - L'AGENCE DU COURT METRAGE - R\u00e9seau de Recherche Fran\u00e7ais sur les Festivals de Film","og_description":"L&rsquo;Agence du court m\u00e9trage et les festivals Dans le cadre&nbsp;de ses activit\u00e9s de distributeur,&nbsp;L\u2019Agence du court m\u00e9trage&nbsp;accompagne environ 900 lieux de diffusion chaque ann\u00e9e. Les festivals repr\u00e9sentent 10% des structures [&hellip;]","og_url":"https:\/\/2r3f.fr\/index.php\/rencontre-19-lagence-du-court-metrage\/","og_site_name":"R\u00e9seau de Recherche Fran\u00e7ais sur les Festivals de Film","article_publisher":"https:\/\/www.facebook.com\/profile.php?id=100093713633073","article_modified_time":"2026-03-13T14:31:16+00:00","twitter_card":"summary_large_image","twitter_misc":{"Dur\u00e9e de lecture estim\u00e9e":"2 minutes"},"schema":{"@context":"https:\/\/schema.org","@graph":[{"@type":"WebPage","@id":"https:\/\/2r3f.fr\/index.php\/rencontre-19-lagence-du-court-metrage\/","url":"https:\/\/2r3f.fr\/index.php\/rencontre-19-lagence-du-court-metrage\/","name":"Rencontre #19 - L'AGENCE DU COURT METRAGE - R\u00e9seau de Recherche Fran\u00e7ais sur les Festivals de Film","isPartOf":{"@id":"https:\/\/2r3f.fr\/#website"},"datePublished":"2026-03-12T21:01:14+00:00","dateModified":"2026-03-13T14:31:16+00:00","breadcrumb":{"@id":"https:\/\/2r3f.fr\/index.php\/rencontre-19-lagence-du-court-metrage\/#breadcrumb"},"inLanguage":"fr-FR","potentialAction":[{"@type":"ReadAction","target":["https:\/\/2r3f.fr\/index.php\/rencontre-19-lagence-du-court-metrage\/"]}]},{"@type":"BreadcrumbList","@id":"https:\/\/2r3f.fr\/index.php\/rencontre-19-lagence-du-court-metrage\/#breadcrumb","itemListElement":[{"@type":"ListItem","position":1,"name":"Accueil","item":"https:\/\/2r3f.fr\/"},{"@type":"ListItem","position":2,"name":"Rencontre #19 &#8211; L&rsquo;AGENCE DU COURT METRAGE"}]},{"@type":"WebSite","@id":"https:\/\/2r3f.fr\/#website","url":"https:\/\/2r3f.fr\/","name":"2R3F - R\u00e9seau de Recherche Fran\u00e7ais sur les Festivals de Films","description":"2R3F - R\u00e9seau de Recherche Fran\u00e7ais sur les Festivals de Films festivals de film","publisher":{"@id":"https:\/\/2r3f.fr\/#organization"},"potentialAction":[{"@type":"SearchAction","target":{"@type":"EntryPoint","urlTemplate":"https:\/\/2r3f.fr\/?s={search_term_string}"},"query-input":{"@type":"PropertyValueSpecification","valueRequired":true,"valueName":"search_term_string"}}],"inLanguage":"fr-FR"},{"@type":"Organization","@id":"https:\/\/2r3f.fr\/#organization","name":"2R3F R\u00e9seau de Recherche Fran\u00e7ais sur les Festivals de Films","url":"https:\/\/2r3f.fr\/","logo":{"@type":"ImageObject","inLanguage":"fr-FR","@id":"https:\/\/2r3f.fr\/#\/schema\/logo\/image\/","url":"https:\/\/2r3f.fr\/wp-content\/uploads\/2023\/06\/cropped-logo-vers-2.png","contentUrl":"https:\/\/2r3f.fr\/wp-content\/uploads\/2023\/06\/cropped-logo-vers-2.png","width":1098,"height":435,"caption":"2R3F R\u00e9seau de Recherche Fran\u00e7ais sur les Festivals de Films"},"image":{"@id":"https:\/\/2r3f.fr\/#\/schema\/logo\/image\/"},"sameAs":["https:\/\/www.facebook.com\/profile.php?id=100093713633073","https:\/\/www.instagram.com\/_2r3f_\/","https:\/\/www.linkedin.com\/company\/2r3f-rseau-de-recherche-franais-sur-les-festivals-de-film\/about\/?viewAsMember=true"]}]}},"_links":{"self":[{"href":"https:\/\/2r3f.fr\/index.php\/wp-json\/wp\/v2\/pages\/974","targetHints":{"allow":["GET"]}}],"collection":[{"href":"https:\/\/2r3f.fr\/index.php\/wp-json\/wp\/v2\/pages"}],"about":[{"href":"https:\/\/2r3f.fr\/index.php\/wp-json\/wp\/v2\/types\/page"}],"author":[{"embeddable":true,"href":"https:\/\/2r3f.fr\/index.php\/wp-json\/wp\/v2\/users\/1"}],"replies":[{"embeddable":true,"href":"https:\/\/2r3f.fr\/index.php\/wp-json\/wp\/v2\/comments?post=974"}],"version-history":[{"count":3,"href":"https:\/\/2r3f.fr\/index.php\/wp-json\/wp\/v2\/pages\/974\/revisions"}],"predecessor-version":[{"id":985,"href":"https:\/\/2r3f.fr\/index.php\/wp-json\/wp\/v2\/pages\/974\/revisions\/985"}],"wp:attachment":[{"href":"https:\/\/2r3f.fr\/index.php\/wp-json\/wp\/v2\/media?parent=974"}],"curies":[{"name":"wp","href":"https:\/\/api.w.org\/{rel}","templated":true}]}}